{"id":183,"date":"2025-02-21T13:16:12","date_gmt":"2025-02-21T12:16:12","guid":{"rendered":"https:\/\/www.labellavista.eu\/?page_id=183"},"modified":"2025-02-26T08:13:51","modified_gmt":"2025-02-26T07:13:51","slug":"datenschutzerklarung","status":"publish","type":"page","link":"https:\/\/www.labellavista.eu\/de\/politika-zasebnosti\/","title":{"rendered":"Datenschutzerkl\u00e4rung &amp; DSGVO"},"content":{"rendered":"<p>Die Website&nbsp;<a href=\"https:\/\/www.labellavista.eu\/de\/\">www.labellavista.eu<\/a>&nbsp;ist Eigentum der <strong>Matja\u017e Mlinar<\/strong>. Der Eigent\u00fcmer der Website verpflichtet sich, Ihr Recht auf Privatsph\u00e4re zu respektieren und die geltenden Gesetze zum Schutz der Privatsph\u00e4re und personenbezogener Daten einzuhalten.<\/p>\n\n\n\n<p>Matja\u017e Mlinar handelt in \u00dcbereinstimmung mit dem Datenschutzgesetz (ZVOP-1, Eu. l. RS, Nr. 94\/2007) und der EU-Datenschutz-Grundverordnung (Verordnung (EU) 2016\/679).<\/p>\n\n\n\n<p><strong>Die Datenschutzerkl\u00e4rung gilt f\u00fcr den Besucher der Website beim erstmaligen Besuch der Website und f\u00fcr alle weiteren Besuche. Durch die Nutzung der Website best\u00e4tigt der Besucher, dass er alle Bestimmungen dieser Richtlinie akzeptiert und ihnen zustimmt. Die Datenschutzerkl\u00e4rung kann jederzeit ohne vorherige Ank\u00fcndigung oder Ank\u00fcndigung ge\u00e4ndert oder erg\u00e4nzt werden. Durch die Nutzung der Website nach \u00c4nderung dieser Richtlinie best\u00e4tigt der Benutzer, dass er mit den \u00c4nderungen einverstanden ist.<\/strong><\/p>\n\n\n\n<p>Matja\u017e Mlinar verpflichtet sich, die Vertraulichkeit personenbezogener Daten und die Privatsph\u00e4re von Besuchern oder Benutzern der Website zu sch\u00fctzen und alle erforderlichen Ma\u00dfnahmen zu ergreifen, um sie vor Verletzungen oder Missbrauch zu sch\u00fctzen.<\/p>\n\n\n\n<h4 class=\"wp-block-heading\">VERARBEITUNG PERSONENBEZOGENER DATEN<\/h4>\n\n\n\n<p>Matja\u017e Mlinar verarbeitet personenbezogene Daten auf Grundlage der pers\u00f6nlichen Einwilligung des Einzelnen, auf Grundlage eines abgeschlossenen Vertrages oder auf gesetzlicher Grundlage.<\/p>\n\n\n\n<p>Jeder Besucher der Website&nbsp;<a href=\"https:\/\/www.labellavista.eu\/de\/\">www.labellavista.eu<\/a>, der auf unserer Website personenbezogene Daten eingibt, gibt auch aktiv seine pers\u00f6nliche Zustimmung zur Verarbeitung personenbezogener Daten auf der Grundlage eines speziellen Formulars.<\/p>\n\n\n\n<p><strong><em>Matja\u017e Mlinar erhebt \u00fcber die Nutzer von&nbsp;<a href=\"https:\/\/www.labellavista.eu\/de\/\">www.labellavista.eu<\/a><\/em> <em>folgende Informationen:<\/em><\/strong><\/p>\n\n\n\n<ul class=\"wp-block-list\">\n<li><strong>Kontaktformular:<\/strong>&nbsp;Vor- und Nachname, Telefon, E-Mail-Adresse.<\/li>\n\n\n\n<li><strong>Anfrage: <\/strong>Vor- und Nachname, E-Mail-Adresse.<\/li>\n\n\n\n<li><strong>Alle anderen Informationen<\/strong>, die der Benutzer freiwillig selbst an das Unternehmen \u00fcbermittelt.<\/li>\n<\/ul>\n\n\n\n<p>Durch Anklicken von \u201eIch stimme den Gesch\u00e4ftsbedingungen zu\u201c oder Anklicken von \u201eIch stimme der Datenschutzerkl\u00e4rung zu\u201c best\u00e4tigt der Besucher der Website, dass er vor dem Absenden der Online-Bewerbung ordnungsgem\u00e4\u00df \u00fcber Umfang und Zweck der Verarbeitung personenbezogener Daten informiert wurde Formular (siehe vorheriger Absatz).<\/p>\n\n\n\n<p>Lastnik spletne strani obdeluje&nbsp;IP naslove naprav, preko katerih uporabniki dostopajo do spletne strani saj tako lahko prepre\u010di bodo\u010do zlorabo preko kontaktih obrazcev (ne\u017eelena e-po\u0161ta).<\/p>\n\n\n\n<p>Die Website verwendet \u201eCookies\u201c (<a href=\"https:\/\/www.labellavista.eu\/de\/cookies\/\"><strong>mehr dazu hier<\/strong><\/a>), aber auf diese Weise ist es nicht m\u00f6glich, Besucher der Website zu identifizieren, was bedeutet, dass es nicht m\u00f6glich ist, den Vor- und Nachnamen der Benutzer und andere Benutzeridentifikationsdaten zu identifizieren Grundlage der so erhobenen Daten.<\/p>\n\n\n\n<p>Matja\u017e Mlinar verwendet die erhobenen Daten ausschlie\u00dflich f\u00fcr die Erbringung der Dienstleistungen und den Verkauf der angebotenen Produkte zu dem Zweck und Umfang, in dem der Besucher bzw. Nutzer zuvor informiert und informiert wird.<\/p>\n\n\n\n<h4 class=\"wp-block-heading\">KONTAKTFORMULAR<\/h4>\n\n\n\n<p>Bei Ihrer Kontaktaufnahme mit uns per E-Mail oder mittels eines Kontaktformulars oder Bewerbungsformulars speichern wir die von Ihnen mitgeteilten Daten (Ihre E-Mail-Adresse, Ihren Vor- und Nachnamen, Ihre Anschrift, Ihre Telefonnummer und Ihren Grund bzw Kommentar, um mit uns in Kontakt zu treten), speichern wir, damit wir Ihre Frage beantworten. Rechtsgrundlage hierf\u00fcr ist Ihre Einwilligung nach Art. 6 Abs. 1 S. 1 lit. a DSGVO. Diese Daten werden nur zum Zwecke der Bearbeitung des Falles verwendet.<\/p>\n\n\n\n<h4 class=\"wp-block-heading\">ONLINE-ANALYSE UND STATISTIKEN<\/h4>\n\n\n\n<p>Wir verwenden verschiedene Dienste, die teilweise Cookies und andere Technologien verwenden, um die Nutzung unserer Website zu analysieren und zu optimieren. Wenn Sie mit der Nutzung dieser Dienste nicht einverstanden sind, k\u00f6nnen Sie dieser Datenverarbeitung widersprechen oder in Ihrem Browser die Verhinderung der Speicherung von Cookies einstellen. F\u00fcr einzelne Dienste k\u00f6nnen Sie angeben, wie Sie widersprechen k\u00f6nnen. Mit dem Widerspruch verarbeiten einzelne Anbieter Ihre Daten nicht mehr f\u00fcr Zwecke der Online-Analyse.<\/p>\n\n\n\n<p>Diese Website benutzt Google Analytics, den Online-Analysedienst von Google Inc. (\u201eGoogle\u201c). Google Analytics verwendet sog. \u201eCookies\u201c, Textdateien, die auf Ihrem Computer gespeichert werden und die eine Analyse der Benutzung der Website durch Sie erm\u00f6glichen. Die durch Cookies erzeugten Informationen \u00fcber Ihre Benutzung dieser Website werden in der Regel an einen Server von Google in den USA \u00fcbertragen und dort gespeichert.<\/p>\n\n\n\n<p>Im Falle der Aktivierung der IP-Anonymisierung auf dieser Website wird Ihre IP-Adresse von Google jedoch innerhalb von Mitgliedstaaten der Europ\u00e4ischen Union oder in anderen Vertragsstaaten des Abkommens \u00fcber den Europ\u00e4ischen Wirtschaftsraum gek\u00fcrzt. Nur in Ausnahmef\u00e4llen wird die volle IP-Adresse an einen Server von Google in den USA \u00fcbertragen und dort gek\u00fcrzt. Im Auftrag des Betreibers dieser Website wird Google diese Informationen benutzen, um Ihre Nutzung der Website auszuwerten, um Berichte \u00fcber die Aktivit\u00e4ten auf der Website zusammenzustellen und um weitere mit der Internetnutzung verbundene Dienstleistungen gegen\u00fcber dem Website-Betreiber zu erbringen.<\/p>\n\n\n\n<p>Die von Ihrem Server in Google Analytics bereitgestellte IP-Adresse wird nicht mit anderen Daten von Google zusammengef\u00fchrt.<\/p>\n\n\n\n<p>Sie k\u00f6nnen die Speicherung der Cookies durch eine entsprechende Einstellung Ihrer Server-Software verhindern; wir weisen Sie jedoch darauf hin, dass Sie in diesem Fall gegebenenfalls nicht s\u00e4mtliche Funktionen dieser Website vollumf\u00e4nglich werden nutzen k\u00f6nnen. Dar\u00fcber hinaus k\u00f6nnen Sie verhindern, dass Google die durch das Cookie erzeugten und auf Ihre Nutzung der Website bezogenen Daten (einschlie\u00dflich Ihrer IP-Adresse) erfasst und verarbeitet, indem Sie das unter dem folgenden Link verf\u00fcgbare Browser-Plugin hochladen und installieren: https:\/\/support .google.com\/analytics\/answer\/181881?hl=sl.<\/p>\n\n\n\n<p>Diese Webseite verwendet Google Analytics mit der Erweiterung \u201e_anonymizeIp()\u201c. Dadurch werden im Folgenden IP-Adressen gek\u00fcrzt weiterverarbeitet, eine Personenbeziehbarkeit kann damit ausgeschlossen werden. Soweit den \u00fcber Sie erhobenen Daten also ein Personenbezug zukommt, wird dieser also sofort ausgeschlossen und die personenbezogenen Daten damit umgehend gel\u00f6scht.<\/p>\n\n\n\n<p>Wir nutzen Google Analytics, um die Nutzung unserer Website analysieren und regelm\u00e4\u00dfig verbessern zu k\u00f6nnen. \u00dcber die gewonnenen Statistiken k\u00f6nnen wir unser Angebot verbessern und f\u00fcr Sie als Nutzer interessanter ausgestalten. F\u00fcr die Ausnahmef\u00e4lle, in denen personenbezogene Daten in die USA \u00fcbertragen werden, hat sich Google dem EU-US Privacy Shield (EU-US Privacy Shield) unterworfen, https:\/\/www.privacyshield.gov\/EU-US-Framework Google Analytics ist der Buchstabe f des ersten Satzes von Art. 6 Abs. 1 DSGVO.<\/p>\n\n\n\n<p>Informationen des Drittanbieters: Google Dublin, Google Ireland Ltd., Gordon House, Barrow Street, Dublin 4, Ireland, Fax: +353 (1) 436 1001. Nutzerbedingungen: https:\/\/policies.google.com\/terms?hl =sl&amp;gl=sl Datenschutzhinweise: http:\/\/www.google.com\/intl\/de\/analytics\/learn\/privacy.html und Datenschutzerkl\u00e4rung: https:\/\/policies.google.com\/privacy?hl=sl&amp;gl=sl .<\/p>\n\n\n\n<h4 class=\"wp-block-heading\">SCHUTZ PERSONENBEZOGENER DATEN<\/h4>\n\n\n\n<p>Matja\u017e Mlinar verwendet geeignete Informations- und Organisationsmittel, um die \u00dcbertragung und Speicherung personenbezogener Daten zu sch\u00fctzen und stellt den Schutz gem\u00e4\u00df dem Datenschutzgesetz (ZVOP-1, ABl. RS, Nr. 94\/2007) und der EU-Datenschutz-Grundverordnung sicher (Verordnung (EU) 2016\/679).<\/p>\n\n\n\n<p>Der Besucher oder Nutzer der Website nimmt zur Kenntnis und erkl\u00e4rt sich damit einverstanden, dass Matja\u017e Mlinar die vom Nutzer bei der Kontaktaufnahme angegebenen Daten speichert, solange der Nutzer ein aktiver Nutzer ist und f\u00fcr ein Jahr nach Beendigung dieses Status.<\/p>\n\n\n\n<p>Andere Daten werden von der Matja\u017e Mlinar so lange gespeichert, wie es f\u00fcr die Erreichung des Zwecks, f\u00fcr den die Daten erhoben wurden, unbedingt erforderlich ist, und sie dann dauerhaft l\u00f6schen oder effektiv anonymisieren, sodass bestimmte Daten nicht mehr einem bestimmten Benutzer zugeordnet werden k\u00f6nnen.<\/p>\n\n\n\n<p>Personenbezogene Daten, die von der Matja\u017e Mlinar mit ausdr\u00fccklicher Einwilligung der betroffenen Person erhoben werden, werden nur f\u00fcr die durch die Einwilligung festgelegten Zwecke verarbeitet und bis zum Widerruf der Einwilligung gespeichert.<\/p>\n\n\n\n<p>Der Benutzer ist auch f\u00fcr den Schutz personenbezogener Daten verantwortlich, indem er die Sicherheit seines Benutzernamens und seines Passworts gew\u00e4hrleistet und das Betriebssystem und die Antivirenprogramme auf seinem Computer aktualisiert.<\/p>\n\n\n\n<h4 class=\"wp-block-heading\">RECHTE DER BENUTZER ODER KUNDEN NACH DER ALLGEMEINEN VERORDNUNG DER DSGVO<\/h4>\n\n\n\n<p>Um eine faire und transparente Verarbeitung zu gew\u00e4hrleisten, haben Sie als Nutzer nach den Vorschriften folgende Rechte:<\/p>\n\n\n\n<ul class=\"wp-block-list\">\n<li><strong>Recht auf Widerruf einer Einwilligung<\/strong><\/li>\n<\/ul>\n\n\n\n<p>Wenn Sie als Nutzer in die Verarbeitung Ihrer personenbezogenen Daten (f\u00fcr einen oder mehrere bestimmte Zwecke) eingewilligt haben, haben Sie das Recht, Ihre Einwilligung jederzeit zu widerrufen, unbeschadet der Rechtm\u00e4\u00dfigkeit der durch die Einwilligung erfolgten Verarbeitung der Daten bis dessen Entzug.<\/p>\n\n\n\n<ul class=\"wp-block-list\">\n<li><strong>Recht auf Zugang zu personenbezogenen Daten<\/strong><\/li>\n<\/ul>\n\n\n\n<p>Als Nutzer haben Sie das Recht, vom Anbieter (Verantwortlicher f\u00fcr personenbezogene Daten) eine Best\u00e4tigung dar\u00fcber zu erhalten, ob personenbezogene Daten in Bezug auf Sie verarbeitet werden, und, falls dies der Fall ist, Zugang zu personenbezogenen Daten und bestimmten Informationen zu erhalten.<\/p>\n\n\n\n<ul class=\"wp-block-list\">\n<li><strong>Recht auf Berichtigung personenbezogener Daten<\/strong><\/li>\n<\/ul>\n\n\n\n<p>Als Nutzer haben Sie das Recht, von dem Anbieter die Berichtigung Sie betreffender unrichtiger personenbezogener Daten unverz\u00fcglich zu verlangen. Als Nutzer haben Sie unter Ber\u00fccksichtigung der Zwecke der Verarbeitung das Recht auf Vervollst\u00e4ndigung unvollst\u00e4ndiger Daten einschlie\u00dflich der Abgabe einer erg\u00e4nzenden Erkl\u00e4rung;<\/p>\n\n\n\n<ul class=\"wp-block-list\">\n<li><strong>Recht auf L\u00f6schung personenbezogener Daten (\u201eRecht auf Inlivion\u201c)<\/strong><\/li>\n<\/ul>\n\n\n\n<p>Als Nutzer haben Sie das Recht, Ihre personenbezogenen Daten l\u00f6schen zu lassen, wenn kein berechtigter Grund mehr f\u00fcr die weitere Verarbeitung besteht.<\/p>\n\n\n\n<p><em>Die Verhinderung der Verarbeitung ist unter besonderen Umst\u00e4nden m\u00f6glich:<\/em><\/p>\n\n\n\n<ul class=\"wp-block-list\">\n<li><em>wenn die Verarbeitung im Zusammenhang mit dem Zweck der Erhebung und Verarbeitung nicht mehr erforderlich ist;<\/em><\/li>\n\n\n\n<li><em>wenn der Benutzer die Zustimmung zur Verarbeitung widerruft;<\/em><\/li>\n\n\n\n<li><em>wenn der Nutzer der Verarbeitung widerspricht und keine vorrangigen berechtigten Gr\u00fcnde vorliegen;<\/em><\/li>\n\n\n\n<li><em>wenn die Verarbeitung rechtswidrig war;<\/em><\/li>\n\n\n\n<li><em>wenn die L\u00f6schung zur Erf\u00fcllung rechtlicher Verpflichtungen (Recht der EU oder der Mitgliedstaaten) erforderlich ist;<\/em><\/li>\n\n\n\n<li><em>Die Verarbeitung ist mit der Bereitstellung von Diensten der Informationsgesellschaft f\u00fcr das Kind verbunden.<\/em><\/li>\n<\/ul>\n\n\n\n<p><\/p>\n\n\n\n<ul class=\"wp-block-list\">\n<li><strong>Recht auf Einschr\u00e4nkung der Verarbeitung<\/strong><\/li>\n<\/ul>\n\n\n\n<p>Als Nutzer haben Sie das Recht auf Einschr\u00e4nkung der Verarbeitung durch den Anbieter bei Vorliegen eines Falles:<\/p>\n\n\n\n<ul class=\"wp-block-list\">\n<li><em>wenn Sie als Nutzer die Richtigkeit personenbezogener Daten bestreiten;<\/em><\/li>\n\n\n\n<li><em>wenn die Verarbeitung unrechtm\u00e4\u00dfig ist und Sie als Nutzer der L\u00f6schung widersprechen und eine Nutzungsbeschr\u00e4nkung verlangen;<\/em><\/li>\n\n\n\n<li><em>wenn die Daten f\u00fcr den Verarbeitungszweck nicht mehr erforderlich sind und Sie sie als Nutzer zur Durchsetzung von Rechtsanspr\u00fcchen ben\u00f6tigen.<\/em><\/li>\n<\/ul>\n\n\n\n<p><\/p>\n\n\n\n<ul class=\"wp-block-list\">\n<li><strong>Recht auf Daten\u00fcbertragbarkeit<\/strong><\/li>\n<\/ul>\n\n\n\n<p>Als Nutzer haben Sie das Recht, Sie betreffende personenbezogene Daten, die Sie dem Anbieter bereitgestellt haben, in strukturierter, weit verbreiteter und maschinenlesbarer Form zu erhalten.<\/p>\n\n\n\n<ul class=\"wp-block-list\">\n<li><strong>Widerspruchsrecht gegen die Verarbeitung<\/strong><\/li>\n<\/ul>\n\n\n\n<p>Als Nutzer k\u00f6nnen Sie der Verarbeitung widersprechen, wenn die Verarbeitung zur Wahrnehmung von Aufgaben im \u00f6ffentlichen Interesse oder in Aus\u00fcbung \u00f6ffentlicher Gewalt und zur Direktwerbung (einschlie\u00dflich Profiling) erfolgt.<\/p>\n\n\n\n<ul class=\"wp-block-list\">\n<li><strong>Beschwerderecht bei einer Aufsichtsbeh\u00f6rde<\/strong><\/li>\n<\/ul>\n\n\n\n<p>Als Benutzer haben Sie das Recht, eine Beschwerde bei der Aufsichtsbeh\u00f6rde einzureichen, insbesondere in dem Land, in dem Sie Ihren gew\u00f6hnlichen Aufenthalt haben, in dem Sie Ihren Arbeitsplatz haben oder in dem der Versto\u00df angeblich stattgefunden hat&nbsp;<strong><a href=\"https:\/\/www.ip-rs.si\/\">(in Slowenien der Datenschutzbeauftragte)<\/a><\/strong>, wenn Sie der Meinung sind, dass die Verarbeitung personenbezogener Daten in Bezug auf Sie gegen die Vorschriften zum Schutz personenbezogener Daten verst\u00f6\u00dft.<\/p>\n\n\n\n<p>Als Nutzer k\u00f6nnen alle Anfragen bez\u00fcglich der Aus\u00fcbung von Rechten in Bezug auf personenbezogene Daten, Adressen, schriftlich an den Betreiber, Matja\u017e Mlinar gerichtet werden, was Sie tun k\u00f6nnen, indem Sie uns kontaktieren \u00fcber&nbsp;<strong><a href=\"\/de\/&\/#x6d;&#x61;&#x69;&#x6c;&#x74;&#x6f;&#x3a;&#x69;&#110;&#102;&#111;&#64;&#108;&#97;&#98;ella&#x76;&#x69;&#x73;&#x74;&#x61;&#x2e;&#x65;&#x75;\">info@labellavista.eu<\/a><\/strong>.<\/p>\n\n\n\n<h4 class=\"wp-block-heading\">LINKS ZU ANDEREN WEBSEITEN<\/h4>\n\n\n\n<p>Die Website\u00a0<a href=\"https:\/\/www.labellavista.eu\/de\/\">www.labellavista.eu<\/a>\u00a0enth\u00e4lt auch Links zu Websites, die nicht von der Matja\u017e Mlinar betrieben werden. Diese Links sind als zus\u00e4tzlicher Service auf der Website\u00a0<a href=\"https:\/\/www.labellavista.eu\/de\/\">www.labellavista.eu<\/a>\u00a0installiert und Matja\u017e Mlinar ist nicht verantwortlich f\u00fcr deren Inhalt, Sicherheit oder Art des Datenschutzes. In diesem Fall empfehlen wir dem Besucher, die auf den von ihm besuchten Seiten ver\u00f6ffentlichte Datenschutzmethode zu \u00fcberpr\u00fcfen.<\/p>\n\n\n\n<h4 class=\"wp-block-heading\">\u00c4NDERUNGEN DER DATENSCHUTZERKL\u00c4RUNG<\/h4>\n\n\n\n<p>Der Stand der Datenschutzerkl\u00e4rung wird durch eine Datumsangabe (unten) angezeigt. Wir behalten uns das Recht vor, diese Datenschutzerkl\u00e4rung jederzeit mit Wirkung f\u00fcr die Zukunft zu \u00e4ndern. Die aktuelle Version finden Sie auf unserer Website. Bitte besuchen Sie unsere Website regelm\u00e4\u00dfig, um sich \u00fcber eine g\u00fcltige Datenschutzerkl\u00e4rung zu informieren.<\/p>\n\n\n\n<p>Stand dieser Datenschutzerkl\u00e4rung:&nbsp;<strong>1. 1. 2020<\/strong><\/p>\n\n\n\n<h4 class=\"wp-block-heading\">ZUS\u00c4TZLICHE ERL\u00c4UTERUNGEN<\/h4>\n\n\n\n<p>Wenn Sie Fragen, Bedenken oder Kommentare zu unserer Datenschutzpolitik haben, k\u00f6nnen Sie uns auch \u00fcber folgende Adresse kontaktieren&nbsp;<a href=\"https:\/\/www.labellavista.eu\/de\/kontakt\/\"><strong>kontaktnega obrazca<\/strong><\/a>.<\/p>\n\n\n\n<p><\/p>","protected":false},"excerpt":{"rendered":"<p>Spletna stran&nbsp;www.labellavista.eu&nbsp;je v lasti Matja\u017ea Mlinarja. Lastnik spletne strani se zavezuje k spo\u0161tovanju va\u0161e pravice do zasebnosti in spo\u0161tovanju veljavne zakonodaje, ki ureja podro\u010dje zasebnosti in varstva osebnih podatkov. Matja\u017e Mlinar deluje v skladu z Zakonom o varstvu osebnih podatkov (ZVOP-1, Ur. l. RS, \u0161t. 94\/2007) in s Splo\u0161no uredbo EU o varstvu podatkov (Uredba [&hellip;]<\/p>\n","protected":false},"author":1,"featured_media":0,"parent":0,"menu_order":0,"comment_status":"closed","ping_status":"closed","template":"","meta":{"_kad_blocks_custom_css":"","_kad_blocks_head_custom_js":"","_kad_blocks_body_custom_js":"","_kad_blocks_footer_custom_js":"","_kadence_starter_templates_imported_post":false,"footnotes":""},"class_list":["post-183","page","type-page","status-publish","hentry"],"blocksy_meta":[],"yoast_head":"<!-- This site is optimized with the Yoast SEO plugin v27.5 - https:\/\/yoast.com\/product\/yoast-seo-wordpress\/ -->\n<title>Politika zasebnosti - La Bella Vista<\/title>\n<meta name=\"robots\" content=\"index, follow, max-snippet:-1, max-image-preview:large, max-video-preview:-1\" \/>\n<link rel=\"canonical\" href=\"https:\/\/www.labellavista.eu\/de\/datenschutzerklarung\/\" \/>\n<meta property=\"og:locale\" content=\"de_DE\" \/>\n<meta property=\"og:type\" content=\"article\" \/>\n<meta property=\"og:title\" content=\"Politika zasebnosti - La Bella Vista\" \/>\n<meta property=\"og:description\" content=\"Spletna stran&nbsp;www.labellavista.eu&nbsp;je v lasti Matja\u017ea Mlinarja. Lastnik spletne strani se zavezuje k spo\u0161tovanju va\u0161e pravice do zasebnosti in spo\u0161tovanju veljavne zakonodaje, ki ureja podro\u010dje zasebnosti in varstva osebnih podatkov. Matja\u017e Mlinar deluje v skladu z Zakonom o varstvu osebnih podatkov (ZVOP-1, Ur. l. RS, \u0161t. 94\/2007) in s Splo\u0161no uredbo EU o varstvu podatkov (Uredba [&hellip;]\" \/>\n<meta property=\"og:url\" content=\"https:\/\/www.labellavista.eu\/de\/datenschutzerklarung\/\" \/>\n<meta property=\"og:site_name\" content=\"La Bella Vista\" \/>\n<meta property=\"article:modified_time\" content=\"2025-02-26T07:13:51+00:00\" \/>\n<meta property=\"og:image\" content=\"https:\/\/www.labellavista.eu\/wp-content\/uploads\/2025\/02\/la-bella-vista-naslovna.jpg\" \/>\n\t<meta property=\"og:image:width\" content=\"1920\" \/>\n\t<meta property=\"og:image:height\" content=\"1223\" \/>\n\t<meta property=\"og:image:type\" content=\"image\/jpeg\" \/>\n<meta name=\"twitter:card\" content=\"summary_large_image\" \/>\n<meta name=\"twitter:label1\" content=\"Gesch\u00e4tzte Lesezeit\" \/>\n\t<meta name=\"twitter:data1\" content=\"10\u00a0Minuten\" \/>\n<script type=\"application\/ld+json\" class=\"yoast-schema-graph\">{\"@context\":\"https:\\\/\\\/schema.org\",\"@graph\":[{\"@type\":\"WebPage\",\"@id\":\"https:\\\/\\\/www.labellavista.eu\\\/politika-zasebnosti\\\/\",\"url\":\"https:\\\/\\\/www.labellavista.eu\\\/politika-zasebnosti\\\/\",\"name\":\"Politika zasebnosti - La Bella Vista\",\"isPartOf\":{\"@id\":\"https:\\\/\\\/www.labellavista.eu\\\/#website\"},\"datePublished\":\"2025-02-21T12:16:12+00:00\",\"dateModified\":\"2025-02-26T07:13:51+00:00\",\"breadcrumb\":{\"@id\":\"https:\\\/\\\/www.labellavista.eu\\\/politika-zasebnosti\\\/#breadcrumb\"},\"inLanguage\":\"de\",\"potentialAction\":[{\"@type\":\"ReadAction\",\"target\":[\"https:\\\/\\\/www.labellavista.eu\\\/politika-zasebnosti\\\/\"]}]},{\"@type\":\"BreadcrumbList\",\"@id\":\"https:\\\/\\\/www.labellavista.eu\\\/politika-zasebnosti\\\/#breadcrumb\",\"itemListElement\":[{\"@type\":\"ListItem\",\"position\":1,\"name\":\"Home\",\"item\":\"https:\\\/\\\/www.labellavista.eu\\\/\"},{\"@type\":\"ListItem\",\"position\":2,\"name\":\"Politika zasebnosti\"}]},{\"@type\":\"WebSite\",\"@id\":\"https:\\\/\\\/www.labellavista.eu\\\/#website\",\"url\":\"https:\\\/\\\/www.labellavista.eu\\\/\",\"name\":\"La Bella Vista Apartmaji\",\"description\":\"Apartmaji z morskim razgledom nad Izolo\",\"publisher\":{\"@id\":\"https:\\\/\\\/www.labellavista.eu\\\/#organization\"},\"potentialAction\":[{\"@type\":\"SearchAction\",\"target\":{\"@type\":\"EntryPoint\",\"urlTemplate\":\"https:\\\/\\\/www.labellavista.eu\\\/?s={search_term_string}\"},\"query-input\":{\"@type\":\"PropertyValueSpecification\",\"valueRequired\":true,\"valueName\":\"search_term_string\"}}],\"inLanguage\":\"de\"},{\"@type\":\"Organization\",\"@id\":\"https:\\\/\\\/www.labellavista.eu\\\/#organization\",\"name\":\"La Bella Vista Apartmaji\",\"url\":\"https:\\\/\\\/www.labellavista.eu\\\/\",\"logo\":{\"@type\":\"ImageObject\",\"inLanguage\":\"de\",\"@id\":\"https:\\\/\\\/www.labellavista.eu\\\/#\\\/schema\\\/logo\\\/image\\\/\",\"url\":\"https:\\\/\\\/www.labellavista.eu\\\/wp-content\\\/uploads\\\/2025\\\/02\\\/logo-la-bella-vista-fav.jpg\",\"contentUrl\":\"https:\\\/\\\/www.labellavista.eu\\\/wp-content\\\/uploads\\\/2025\\\/02\\\/logo-la-bella-vista-fav.jpg\",\"width\":512,\"height\":512,\"caption\":\"La Bella Vista Apartmaji\"},\"image\":{\"@id\":\"https:\\\/\\\/www.labellavista.eu\\\/#\\\/schema\\\/logo\\\/image\\\/\"}}]}<\/script>\n<!-- \/ Yoast SEO plugin. -->","yoast_head_json":{"title":"Datenschutzerkl\u00e4rung &amp; DSGVO - La Bella Vista","robots":{"index":"index","follow":"follow","max-snippet":"max-snippet:-1","max-image-preview":"max-image-preview:large","max-video-preview":"max-video-preview:-1"},"canonical":"https:\/\/www.labellavista.eu\/de\/datenschutzerklarung\/","og_locale":"de_DE","og_type":"article","og_title":"Politika zasebnosti - La Bella Vista","og_description":"Spletna stran&nbsp;www.labellavista.eu&nbsp;je v lasti Matja\u017ea Mlinarja. Lastnik spletne strani se zavezuje k spo\u0161tovanju va\u0161e pravice do zasebnosti in spo\u0161tovanju veljavne zakonodaje, ki ureja podro\u010dje zasebnosti in varstva osebnih podatkov. Matja\u017e Mlinar deluje v skladu z Zakonom o varstvu osebnih podatkov (ZVOP-1, Ur. l. RS, \u0161t. 94\/2007) in s Splo\u0161no uredbo EU o varstvu podatkov (Uredba [&hellip;]","og_url":"https:\/\/www.labellavista.eu\/de\/datenschutzerklarung\/","og_site_name":"La Bella Vista","article_modified_time":"2025-02-26T07:13:51+00:00","og_image":[{"width":1920,"height":1223,"url":"https:\/\/www.labellavista.eu\/wp-content\/uploads\/2025\/02\/la-bella-vista-naslovna.jpg","type":"image\/jpeg"}],"twitter_card":"summary_large_image","twitter_misc":{"Gesch\u00e4tzte Lesezeit":"10\u00a0Minuten"},"schema":{"@context":"https:\/\/schema.org","@graph":[{"@type":"WebPage","@id":"https:\/\/www.labellavista.eu\/politika-zasebnosti\/","url":"https:\/\/www.labellavista.eu\/politika-zasebnosti\/","name":"Datenschutzerkl\u00e4rung &amp; DSGVO - La Bella Vista","isPartOf":{"@id":"https:\/\/www.labellavista.eu\/#website"},"datePublished":"2025-02-21T12:16:12+00:00","dateModified":"2025-02-26T07:13:51+00:00","breadcrumb":{"@id":"https:\/\/www.labellavista.eu\/politika-zasebnosti\/#breadcrumb"},"inLanguage":"de","potentialAction":[{"@type":"ReadAction","target":["https:\/\/www.labellavista.eu\/politika-zasebnosti\/"]}]},{"@type":"BreadcrumbList","@id":"https:\/\/www.labellavista.eu\/politika-zasebnosti\/#breadcrumb","itemListElement":[{"@type":"ListItem","position":1,"name":"Home","item":"https:\/\/www.labellavista.eu\/"},{"@type":"ListItem","position":2,"name":"Politika zasebnosti"}]},{"@type":"WebSite","@id":"https:\/\/www.labellavista.eu\/#website","url":"https:\/\/www.labellavista.eu\/","name":"La Bella Vista Apartmaji","description":"Apartmaji z morskim razgledom nad Izolo","publisher":{"@id":"https:\/\/www.labellavista.eu\/#organization"},"potentialAction":[{"@type":"SearchAction","target":{"@type":"EntryPoint","urlTemplate":"https:\/\/www.labellavista.eu\/?s={search_term_string}"},"query-input":{"@type":"PropertyValueSpecification","valueRequired":true,"valueName":"search_term_string"}}],"inLanguage":"de"},{"@type":"Organization","@id":"https:\/\/www.labellavista.eu\/#organization","name":"La Bella Vista Apartmaji","url":"https:\/\/www.labellavista.eu\/","logo":{"@type":"ImageObject","inLanguage":"de","@id":"https:\/\/www.labellavista.eu\/#\/schema\/logo\/image\/","url":"https:\/\/www.labellavista.eu\/wp-content\/uploads\/2025\/02\/logo-la-bella-vista-fav.jpg","contentUrl":"https:\/\/www.labellavista.eu\/wp-content\/uploads\/2025\/02\/logo-la-bella-vista-fav.jpg","width":512,"height":512,"caption":"La Bella Vista Apartmaji"},"image":{"@id":"https:\/\/www.labellavista.eu\/#\/schema\/logo\/image\/"}}]}},"taxonomy_info":[],"featured_image_src_large":false,"author_info":{"display_name":"La Bella Vista","author_link":"https:\/\/www.labellavista.eu\/de\/author\/op8r4t8r-w8b-mst8r\/"},"comment_info":"","_links":{"self":[{"href":"https:\/\/www.labellavista.eu\/de\/wp-json\/wp\/v2\/pages\/183","targetHints":{"allow":["GET"]}}],"collection":[{"href":"https:\/\/www.labellavista.eu\/de\/wp-json\/wp\/v2\/pages"}],"about":[{"href":"https:\/\/www.labellavista.eu\/de\/wp-json\/wp\/v2\/types\/page"}],"author":[{"embeddable":true,"href":"https:\/\/www.labellavista.eu\/de\/wp-json\/wp\/v2\/users\/1"}],"replies":[{"embeddable":true,"href":"https:\/\/www.labellavista.eu\/de\/wp-json\/wp\/v2\/comments?post=183"}],"version-history":[{"count":6,"href":"https:\/\/www.labellavista.eu\/de\/wp-json\/wp\/v2\/pages\/183\/revisions"}],"predecessor-version":[{"id":647,"href":"https:\/\/www.labellavista.eu\/de\/wp-json\/wp\/v2\/pages\/183\/revisions\/647"}],"wp:attachment":[{"href":"https:\/\/www.labellavista.eu\/de\/wp-json\/wp\/v2\/media?parent=183"}],"curies":[{"name":"wp","href":"https:\/\/api.w.org\/{rel}","templated":true}]}}